{"id":440,"date":"2019-02-20T18:56:07","date_gmt":"2019-02-20T17:56:07","guid":{"rendered":"https:\/\/www.bisone.eu\/privacy-policy\/"},"modified":"2025-11-03T11:32:48","modified_gmt":"2025-11-03T10:32:48","slug":"privacy-policy","status":"publish","type":"page","link":"https:\/\/www.bisone.eu\/en\/privacy-policy\/","title":{"rendered":"Privacy Policy"},"content":{"rendered":"<p>[vc_row css_animation=&#8221;&#8221; row_type=&#8221;row&#8221; use_row_as_full_screen_section=&#8221;no&#8221; type=&#8221;full_width&#8221; angled_section=&#8221;no&#8221; text_align=&#8221;left&#8221; background_image_as_pattern=&#8221;without_pattern&#8221;][vc_column][vc_column_text]<\/p>\n<h1>INFORMATIVA SUL TRATTAMENTO DEI DATI PERSONALI DEGLI UTENTI WEB AI SENSI DEL REGOLAMENTO (UE) 2016\/679<\/h1>\n<p>Nella presente informativa, resa in conformit\u00e0 a quanto previsto dall\u2019art. 13 del Regolamento UE 2017\/679 (GDPR) e dal D.lgs n. 196\/2003 cos\u00ec come aggiornato dal D.lgs n. 101\/2018, vengono descritte le operazioni effettuate sui dati personali degli utenti raccolti in occasione dell\u2019accesso, navigazione e fruizione del presente sito internet (https:\/\/www.bisone.eu\/, di seguito il Sito) e non anche per altri siti web eventualmente consultati dall&#8217;utente tramite link presenti nel sito stesso.[\/vc_column_text][\/vc_column][\/vc_row][vc_row css_animation=&#8221;&#8221; row_type=&#8221;row&#8221; use_row_as_full_screen_section=&#8221;no&#8221; type=&#8221;full_width&#8221; angled_section=&#8221;no&#8221; text_align=&#8221;left&#8221; background_image_as_pattern=&#8221;without_pattern&#8221;][vc_column][vc_separator type=&#8221;transparent&#8221; thickness=&#8221;12&#8243;][vc_column_text]<\/p>\n<h1>IL TITOLARE DEL TRATTAMENTO<\/h1>\n<p>L\u2019 Arch. Paola Elena Bisone (di seguito, il Titolare), con sede in viale Lucania 13, 20139 Milano (MI) Italia \u00e8 il Titolare del Trattamento dei dati personali degli utenti raccolti in occasione dell\u2019utilizzazione dei servizi del presente sito web.<br \/>\n\u00c8 possibile contattare il Titolare del trattamento utilizzando i seguenti recapiti: Tel: 345 17 56 026 \u2013 email: paola@bisone.eu \u2013 PEC: bisone.16099@oamilano.it<br \/>\nIl Titolare tratter\u00e0 i dati personali di cui entrer\u00e0 in contatto nel rispetto dei principi di liceit\u00e0, correttezza e trasparenza nonch\u00e9 delle disposizioni di legge e regolamenti per le seguenti finalit\u00e0:<br \/>\nAccesso al sito internet e navigazione;<br \/>\nGestione delle richieste di informazioni da parte degli utenti mediante compilazione del form di contatto presente all\u2019interno del Sito;<br \/>\nRicezione di candidature a posizioni lavorative aperte e\/o spontanee.[\/vc_column_text][\/vc_column][\/vc_row][vc_row css_animation=&#8221;&#8221; row_type=&#8221;row&#8221; use_row_as_full_screen_section=&#8221;no&#8221; type=&#8221;full_width&#8221; angled_section=&#8221;no&#8221; text_align=&#8221;left&#8221; background_image_as_pattern=&#8221;without_pattern&#8221;][vc_column][vc_separator type=&#8221;transparent&#8221; thickness=&#8221;12&#8243;][vc_column_text]<\/p>\n<h1>LUOGO DI TRATTAMENTO DEI DATI<\/h1>\n<p>I trattamenti connessi ai servizi web del presente Sito hanno luogo presso la menzionata sede del Titolare e presso la Societ\u00e0 di hosting fornitrice del servizio con server ubicati in UE.[\/vc_column_text][\/vc_column][\/vc_row][vc_row css_animation=&#8221;&#8221; row_type=&#8221;row&#8221; use_row_as_full_screen_section=&#8221;no&#8221; type=&#8221;full_width&#8221; angled_section=&#8221;no&#8221; text_align=&#8221;left&#8221; background_image_as_pattern=&#8221;without_pattern&#8221;][vc_column][vc_separator type=&#8221;transparent&#8221; thickness=&#8221;12&#8243;][vc_column_text]<\/p>\n<h1>TIPI DI DATI TRATTATI<\/h1>\n<p>Dati di navigazione<br \/>\nI sistemi informatici e le procedure software preposte al funzionamento di questo sito web acquisiscono, nel corso del loro normale esercizio, alcuni dati personali la cui trasmissione \u00e8 implicita nell&#8217;uso dei protocolli di comunicazione di Internet.<br \/>\nSi tratta di informazioni che non sono raccolte per essere associate a interessati identificati, ma che per loro stessa natura potrebbero, attraverso elaborazioni ed associazioni con dati detenuti da terzi, permettere di identificare gli utenti.<br \/>\nIn questa categoria di dati rientrano gli indirizzi IP o i nomi a dominio dei computer utilizzati dagli utenti che si connettono al sito, gli indirizzi in notazione URI (Uniform Resource Identifier) delle risorse richieste, l&#8217;orario della richiesta, il metodo utilizzato nel sottoporre la richiesta al server, la dimensione del file ottenuto in risposta, il codice numerico indicante lo stato della risposta data dal server (buon fine, errore, ecc.) ed altri parametri relativi al sistema operativo e all&#8217;ambiente informatico dell&#8217;utente.<br \/>\nQuesti dati vengono utilizzati al solo fine di ricavare informazioni statistiche anonime sull&#8217;uso del sito e per controllarne il corretto funzionamento e vengono cancellati immediatamente dopo l&#8217;elaborazione.<br \/>\nI dati potrebbero essere utilizzati per l&#8217;accertamento di responsabilit\u00e0 in caso di reati informatici ai danni del sito o del Titolare: salva questa eventualit\u00e0, allo stato attuale, i dati sui contatti web non persistono oltre i termini di legge.<\/p>\n<p>Dati forniti volontariamente dall&#8217;utente<br \/>\nL&#8217;invio facoltativo, specifico e volontario di posta elettronica agli indirizzi indicati in questo sito comporta la successiva acquisizione dell&#8217;indirizzo del mittente da parte del Titolare, necessario per rispondere alle richieste, nonch\u00e9 degli eventuali altri dati personali inseriti nella comunicazione.<br \/>\n[\/vc_column_text][\/vc_column][\/vc_row][vc_row css_animation=&#8221;&#8221; row_type=&#8221;row&#8221; use_row_as_full_screen_section=&#8221;no&#8221; type=&#8221;full_width&#8221; angled_section=&#8221;no&#8221; text_align=&#8221;left&#8221; background_image_as_pattern=&#8221;without_pattern&#8221;][vc_column][vc_separator type=&#8221;transparent&#8221; thickness=&#8221;12&#8243;][vc_column_text]<\/p>\n<h1>COOKIES UTILIZZATI DAL SITO WEB<\/h1>\n<p>Per avere informazioni relative ai cookies utilizzati dal presente Sito \u00e8 possibile consultare la pagina <a href=\"https:\/\/www.bisone.eu\/cookie-policy\/\">Cookie Policy<\/a>.[\/vc_column_text][\/vc_column][\/vc_row][vc_row css_animation=&#8221;&#8221; row_type=&#8221;row&#8221; use_row_as_full_screen_section=&#8221;no&#8221; type=&#8221;full_width&#8221; angled_section=&#8221;no&#8221; text_align=&#8221;left&#8221; background_image_as_pattern=&#8221;without_pattern&#8221;][vc_column][vc_separator type=&#8221;transparent&#8221; thickness=&#8221;12&#8243;][vc_column_text]<\/p>\n<h1>PRINCIPI APPLICABILI AL TRATTAMENTO DATI DA PARTE DEL TITOLARE<\/h1>\n<p>Il Titolare tratter\u00e0 i dati personali degli utenti in modo lecito, corretto e trasparente.<br \/>\nRaccoglier\u00e0 i dati personali degli utenti e li tratter\u00e0 unicamente per le finalit\u00e0 indicate nella presente Privacy Policy ed in modo che non risultino incompatibili con le finalit\u00e0 stesse. I dati trattati da IL TITOLARE saranno adeguati, pertinenti e limitati a quanto necessario per le finalit\u00e0 per cui sono trattati. <\/p>\n<p>&nbsp;<\/p>\n<p>TRATTAMENTO DATI PER FINALIT\u00c0 DI GESTIONE DELLE RICHIESTE DI INFORMAZIONI<br \/>\nIl Titolare tratter\u00e0 i dati personali degli utenti che compilano l\u2019apposito form online per la richiesta di informazioni in merito ai servizi offerti dal Titolare per gestire, riscontrare e fornire i servizi richiesti dagli utenti.<br \/>\nI dati saranno registrati, custoditi ed utilizzati esclusivamente per gestire e dare riscontro alle richieste degli interessati e per il tempo necessario al raggiungimento della menzionata finalit\u00e0. La base giuridica di questo trattamento \u00e8 il consenso dell\u2019interessato rilasciato mediante flag sulla checkbox in calce al form di contatto.<br \/><!-- -->Il conferimento dei dati per tale finalit\u00e0 di trattamento \u00e8 facoltativo. Tuttavia, il mancato, parziale o inesatto conferimento dei dati potr\u00e0 comportare l\u2019impossibilit\u00e0 per Il Titolare di gestire e dare seguito alle richieste degli utenti.  <\/p>\n<p>&nbsp;<\/p>\n<p>TRATTAMENTO DATI PER FINALIT\u00c0 DI RICEZIONE DI CANDIDATURE A POSIZIONI LAVORATIVE APERTE E\/O SPONTANEE<br \/>\nIl Titolare tratter\u00e0 i dati personali degli utenti contenuti nei Curricula inviati spontaneamente dall\u2019interessato o a seguito di una campagna di recruiting promossa dal Titolare per gestire la selezione di nuovo personale e per la valutazione del candidato.<br \/>\nI dati saranno trattati per il periodo strettamente necessario al perseguimento della finalit\u00e0 in oggetto e conservati per un periodo di 2 anni dal momento della ricezione del CV. La base giuridica che legittima il presente trattamento \u00e8 l\u2019esecuzione di misure precontrattuali, ai sensi dell\u2019art. 111-bis D.lgs n. 196\/2003, cos\u00ec come aggiornato dal D.lgs n. 101\/2018, e nei limiti di cui all\u2019art. 6 lett. b) Regolamento UE 2016\/679, il consenso dell\u2019interessato non \u00e8 dovuto. Il conferimento dei dati per tale finalit\u00e0 di trattamento \u00e8 facoltativo.<br \/>\nTuttavia, il mancato, parziale o inesatto conferimento dei dati potr\u00e0 comportare l\u2019impossibilit\u00e0 per il Titolare di ricevere la candidatura e di valutare la corrispondenza al profilo lavorativo ricercato.      <\/p>\n<p>&nbsp;<\/p>\n<p>SOCIAL PLUG-IN<br \/>\nIl presente sito web pu\u00f2 utilizzare i cosiddetti \u201csocial plug-in\u201d.<br \/>\nI \u201csocial plug-in\u201d sono specifici strumenti che permettono di incorporare le funzionalit\u00e0 del Social Network direttamente all\u2019interno del sito web.<br \/>\nTutti i \u201csocial plug-in\u201d presenti nel sito sono contrassegnati dal rispettivo logo di propriet\u00e0 della piattaforma di social network. Quando si visita una pagina del sito e si interagisce con il \u201cplug-in\u201d o si decide di lasciare un commento attraverso la piattaforma Social, le corrispondenti informazioni vengono trasmesse dal browser direttamente alla piattaforma social di riferimento e da questa memorizzate.<br \/>\nPer informazioni sulle finalit\u00e0, il tipo e le modalit\u00e0 di raccolta, elaborazione, utilizzo e conservazione dei dati personali da parte della piattaforma di Social Network, nonch\u00e9 per le modalit\u00e0 attraverso cui esercitare i propri diritti, si prega di consultare la specifica Privacy Policy del Social Network. <\/p>\n<ul>\n<li>Facebook (<a href=\"https:\/\/it-it.facebook.com\/policy.php\">https:\/\/it-it.facebook.com\/policy.php<\/a>)<\/li>\n<li>Twitter (<a href=\"https:\/\/twitter.com\/it\/privacy\">https:\/\/twitter.com\/it\/privacy<\/a>)<\/li>\n<li>Instagram (<a href=\"https:\/\/help.instagram.com\/155833707900388\">https:\/\/help.instagram.com\/155833707900388<\/a>)<\/li>\n<li>YouTube (<a href=\"https:\/\/www.youtube.com\/intl\/it\/yt\/about\/policies\/#community-guidelines\">https:\/\/www.youtube.com\/intl\/it\/yt\/about\/policies\/#community-guidelines<\/a>)<\/li>\n<li>Linkedin (<a href=\"https:\/\/www.linkedin.com\/legal\/privacy-policy\">https:\/\/www.linkedin.com\/legal\/privacy-policy<\/a>)<\/li>\n<\/ul>\n<p>&nbsp;<\/p>\n<p>GOOGLE MAPS<br \/>\nIl sito utilizza Google Maps. Si tratta di un servizio fornito da Google LLC (\u201cGoogle\u201d) per includere mappe interattive all\u2019interno delle pagine web. Tale servizio, in base alle impostazioni dell\u2019account dell\u2019interessato, pu\u00f2 eseguire trattamenti di dati personali di quest\u2019ultimo, ivi inclusa la localizzazione geografica dell\u2019utente. Per consultare l\u2019informativa privacy della societ\u00e0 Google LLC e per disattivare la funzione di localizzazione del proprio browser si rinvia al seguente link: <a href=\"https:\/\/policies.google.com\/technologies\/location-data?hl=it\">https:\/\/policies.google.com\/technologies\/location-data?hl=it<\/a>[\/vc_column_text][\/vc_column][\/vc_row][vc_row css_animation=&#8221;&#8221; row_type=&#8221;row&#8221; use_row_as_full_screen_section=&#8221;no&#8221; type=&#8221;full_width&#8221; angled_section=&#8221;no&#8221; text_align=&#8221;left&#8221; background_image_as_pattern=&#8221;without_pattern&#8221;][vc_column][vc_separator type=&#8221;transparent&#8221; thickness=&#8221;12&#8243;][vc_column_text]<\/p>\n<h1>CONSERVAZIONE E TRASFERIMENTO DEI DATI<\/h1>\n<p>I Dati sono conservati per il periodo necessario all\u2019attivit\u00e0 di trattamento e successivamente per assolvere agli eventuali obblighi contrattuali, contabili e fiscali successivi al trattamento e nel rispetto delle leggi vigenti. I Dati sono conservati su server ubicati all\u2019interno dell\u2019Unione. I Dati personali raccolti vengono conservati per l\u2019intera durata del rapporto in essere con l\u2019utente in relazione alla tipologia di servizio prescelto. In ogni caso, i Dati personali raccolti sono definitivamente eliminati decorsi 24 mesi dalla cessazione del rapporto, salvo oneri di legge che prevedano l\u2019archiviazione per periodi di tempo pi\u00f9 lunghi. Specifiche misure di sicurezza sono osservate per prevenire la perdita dei Dati, usi illeciti o non corretti ed accessi non autorizzati. I Dati potrebbero essere utilizzati per l\u2019accertamento di responsabilit\u00e0 in caso di reati informatici ai danni del sito o altri utenti: salva questa eventualit\u00e0, allo stato i Dati sui contatti web non persistono per pi\u00f9 di 24 mesi.[\/vc_column_text][\/vc_column][\/vc_row][vc_row css_animation=&#8221;&#8221; row_type=&#8221;row&#8221; use_row_as_full_screen_section=&#8221;no&#8221; type=&#8221;full_width&#8221; angled_section=&#8221;no&#8221; text_align=&#8221;left&#8221; background_image_as_pattern=&#8221;without_pattern&#8221;][vc_column][vc_separator type=&#8221;transparent&#8221; thickness=&#8221;12&#8243;][vc_column_text]<\/p>\n<h1>DESTINATARI<\/h1>\n<p>I Dati di natura personale forniti potranno essere comunicati a destinatari opportunamente nominati che tratteranno i Dati in qualit\u00e0 di responsabili per il trattamento e\/o in qualit\u00e0 di incaricati, al fine di ottemperare ai contratti o finalit\u00e0 connesse.<br \/>\nIn particolare, i Dati dell\u2019Interessato potranno essere comunicati a destinatari appartenenti alle seguenti categorie:<\/p>\n<ul>\n<li>autorit\u00e0 competenti per adempimenti di obblighi di legge e\/o di disposizioni di organi pubblici, su richiesta;<\/li>\n<li>banche e altri istituti di credito;<\/li>\n<li>sistemisti e responsabili IT per le attivit\u00e0 di manutenzione dei sistemi informatici e gestione del backup;<\/li>\n<li>commercialisti e\/o professionisti che erogano determinati servizi amministrativi, contabili o fiscali;<\/li>\n<li>studi legali per la gestione di eventuali pratiche di contenzioso.<\/li>\n<\/ul>\n<p>Il Titolare del trattamento non comunica a terzi nessuna delle informazioni degli Interessati senza il loro consenso, salvo ove richiesto dalla legge. \u00c8 in ogni caso esclusa la diffusione dei Dati personali trattati.[\/vc_column_text][\/vc_column][\/vc_row][vc_row css_animation=&#8221;&#8221; row_type=&#8221;row&#8221; use_row_as_full_screen_section=&#8221;no&#8221; type=&#8221;full_width&#8221; angled_section=&#8221;no&#8221; text_align=&#8221;left&#8221; background_image_as_pattern=&#8221;without_pattern&#8221;][vc_column][vc_separator type=&#8221;transparent&#8221; thickness=&#8221;12&#8243;][vc_column_text]<\/p>\n<h1>FINALIT\u00c0 DEL TRATTAMENTO<\/h1>\n<p>Il trattamento dei Dati da parte del Titolare \u00e8 finalizzato ai soli ed esclusivi adempimenti relativi ad obblighi amministrativi, contabili e fiscali, alla gestione del rapporto con l\u2019utente e, per tutte le attivit\u00e0 di trattamento che dovessero esulare da tali finalit\u00e0. Il Titolare del trattamento utilizza i Dati forniti dagli Interessati per: <\/p>\n<ul>\n<li>Garantire il corretto espletamento degli adempimenti contrattuali al fine di dare esecuzione ai servizi resi;<\/li>\n<li>Migliorare il servizio offerto e garantire assistenza all\u2019utenza;<\/li>\n<li>Adempiere a obblighi di legge, ottemperare a regolamenti, seguire normative comunitarie;<\/li>\n<li>Gestire l\u2019utenza dal punto di vista amministrativo;<\/li>\n<li>Solo in caso di specifico consenso dell\u2019utente, per permettere l\u2019adesione a servizi specifici e ulteriori quali l\u2019invio di future comunicazioni informative e promozionali.<\/li>\n<\/ul>\n<p>Il conferimento dei Dati necessari per le finalit\u00e0 di cui ai punti di cui sopra risulta obbligatorio per consentire all\u2019utente di accedere e usufruire pienamente delle funzionalit\u00e0 dei servizi richiesti e la base giuridica del trattamento per le suddette finalit\u00e0 si rinviene in esigenze contrattuali o precontrattuali e per l\u2019adempimento di obblighi legali ai quali il Titolare del trattamento \u00e8 soggetto. Per tale ragione l\u2019eventuale rifiuto al trattamento ovvero il mancato, inesatto o parziale conferimento dei Dati potrebbe avere come conseguenza l\u2019impossibilit\u00e0 di una corretta erogazione del servizio richiesto.<x id=\"gid_0\"><\/x>Il conferimento da parte del visitatore dei propri Dati per scopi promozionali, informativi o di ricerca ha natura facoltativa e il rifiuto a prestare il relativo consenso al trattamento permette comunque di eseguire il rapporto contrattuale con il Titolare, anche se dar\u00e0 luogo all\u2019impossibilit\u00e0 di essere aggiornati circa iniziative commerciali e\/o campagne promozionali, di ricevere offerte o altro materiale promozionale e\/o di inviare all\u2019utente offerte personalizzate. Si precisa che il trattamento dei Dati potr\u00e0 essere effettuato senza consenso (ex art. 24 lett. a, b, d Privacy e art. 6 lett. b, c GDPR) oltre che in ambito giudiziario, nei seguenti casi:  <\/p>\n<ul>\n<li>quando l\u2019Interessato ha espresso il consenso al trattamento dei propri Dati per una o pi\u00f9 specifiche finalit\u00e0;<\/li>\n<li>quando il trattamento \u00e8 necessario all\u2019esecuzione del rapporto di cui l\u2019Interessato \u00e8 parte o all\u2019esecuzione di misure precontrattuali adottate su richiesta dello stesso;<\/li>\n<li>quando il trattamento \u00e8 necessario per adempiere un obbligo legale al quale \u00e8 soggetto il Titolare del trattamento;<\/li>\n<li>quando il trattamento \u00e8 necessario per la salvaguardia degli interessi vitali dell\u2019Interessato o di altra persona fisica;<\/li>\n<li>quando il trattamento \u00e8 necessario per l\u2019esecuzione di un compito di interesse pubblico o connesso all\u2019esercizio di pubblici poteri di cui \u00e8 investito il Titolare del trattamento;<\/li>\n<li>quando il trattamento \u00e8 necessario per il perseguimento del legittimo interesse del Titolare del trattamento o di terzi, a condizione che non prevalgano gli interessi o i diritti e le libert\u00e0 fondamentali dell\u2019Interessato che richiedono la protezione dei Dati.<\/li>\n<\/ul>\n<p>[\/vc_column_text][\/vc_column][\/vc_row][vc_row css_animation=&#8221;&#8221; row_type=&#8221;row&#8221; use_row_as_full_screen_section=&#8221;no&#8221; type=&#8221;full_width&#8221; angled_section=&#8221;no&#8221; text_align=&#8221;left&#8221; background_image_as_pattern=&#8221;without_pattern&#8221;][vc_column][vc_separator type=&#8221;transparent&#8221; thickness=&#8221;12&#8243;][vc_column_text]<\/p>\n<h1>MODALIT\u00c0 DEL TRATTAMENTO<\/h1>\n<p>Il trattamento dei Dati avviene di norma presso la sede del Titolare del trattamento, dall&#8217;Arch. Paola Elena Bisone o, eventualmente, da collaboratori esterni debitamente designati quali responsabili del trattamento o incaricati del trattamento. Il Titolare garantisce che nel trattamento dei Dati non viene adottato alcun processo decisionale automatizzato, compresa la profilazione, di cui all\u2019articolo 22, paragrafi 1 e 4, GDPR. Il trattamento dei Dati \u00e8 realizzato per mezzo delle operazioni indicate all\u2019art. 4 Privacy e all\u2019art. 4 n. 2 GDPR e precisamente: raccolta, registrazione, organizzazione, conservazione, consultazione, elaborazione, modificazione, selezione, estrazione, raffronto, utilizzo, interconnessione, blocco, comunicazione, cancellazione e distruzione dei Dati. Il Titolare garantisce che il trattamento dei Dati avviene nel rispetto dei diritti, delle libert\u00e0 fondamentali e della dignit\u00e0 delle persone, secondo i principi di lealt\u00e0, correttezza, imparzialit\u00e0, liceit\u00e0 e trasparenza. I Dati personali sono trattati per il tempo strettamente necessario a conseguire gli scopi per cui sono stati raccolti.<x id=\"gid_0\"><\/x>Non appena i Dati personali terminassero di essere necessari per gli scopi per i quali sono stati raccolti, il Titolare del trattamento provveder\u00e0 alla loro eliminazione salvo che la legge non preveda obblighi di archiviazione o l\u2019utente non abbia acconsentito al trattamento per un tempo pi\u00f9 lungo. Qualora dovesse accadere di trasferire delle attivit\u00e0 di trattamento dei Dati in un Paese terzo, questo sar\u00e0 fatto solo successivamente alla verifica dell\u2019esistenza di una decisione di adeguatezza da parte della Commissione ai sensi dell\u2019art 45 GDPR, o sulla base di norme vincolanti d\u2019impresa ai sensi dell\u2019art 47 GDPR e di clausole contrattuali standard.<br \/>\n[\/vc_column_text][\/vc_column][\/vc_row][vc_row css_animation=&#8221;&#8221; row_type=&#8221;row&#8221; use_row_as_full_screen_section=&#8221;no&#8221; type=&#8221;full_width&#8221; angled_section=&#8221;no&#8221; text_align=&#8221;left&#8221; background_image_as_pattern=&#8221;without_pattern&#8221;][vc_column][vc_separator type=&#8221;transparent&#8221; thickness=&#8221;12&#8243;][vc_column_text]<\/p>\n<h1>DIRITTI DELL\u2019INTERESSATO<\/h1>\n<p>L\u2019Interessato ha il diritto di ottenere dal Titolare del trattamento la conferma che sia o meno in corso un trattamento di Dati personali che lo riguardano, anche se non ancora registrati, e in tal caso, ai sensi dell\u2019art. 7 Privacy e degli artt. da 15 a 22 GDPR, l\u2019Interessato, tramite comunicazione all\u2019indirizzo e-mail: paola@bisone.eu, potr\u00e0 esercitare in ogni momento i seguenti diritti: <\/p>\n<ul>\n<li>Diritto di accesso ai Dati;<\/li>\n<li>Diritto di rettifica e\/o limitazione al trattamento;<\/li>\n<li>Diritto alla cancellazione \u2013 all\u2019oblio;<\/li>\n<li>Diritto di limitazione del trattamento;<\/li>\n<li>Diritto alla portabilit\u00e0 dei Dati;<\/li>\n<li>Diritto di opposizione;<\/li>\n<li>Diritto ad essere informato su trattamenti effettuati mediante processi decisionali automatizzati relativo alle persone fisiche, compresa la profilazione;<\/li>\n<li>Diritto di reclamo all\u2019Autorit\u00e0 Garante.<\/li>\n<\/ul>\n<p>Si precisa che il Titolare del trattamento, durante il rapporto, potrebbe venire a conoscenza di \u201cDati particolari\u201d, intendendo per tali, in base a quanto disposto dall\u2019 art. 9 GDPR, i Dati idonei a rivelare l\u2019origine razziale ed etnica, le convinzioni religiose, filosofiche o di altro genere, le opinioni politiche, l\u2019adesione a partiti, sindacati, associazioni od organizzazioni a carattere religioso, filosofico, politico o sindacale, a rivelare lo stato di salute, la vita sessuale, i Dati genetici, biometrici; si precisa che tali \u201cDati particolari\u201d saranno trattati unicamente per le finalit\u00e0 e nelle modalit\u00e0 previste dall\u2019art 9 GDPR.<br \/>\nL\u2019interessato ha altres\u00ec diritto di proporre reclamo all\u2019Autorit\u00e0 italiana Garante per la protezione dei dati personali.<\/p>\n<p>Le richieste per l\u2019esercizio dei diritti possono essere rivolte a <a href=\"mailto:paola@bisone.eu\">paola@bisone.eu<\/a>[\/vc_column_text][\/vc_column][\/vc_row][vc_row css_animation=&#8221;&#8221; row_type=&#8221;row&#8221; use_row_as_full_screen_section=&#8221;no&#8221; type=&#8221;full_width&#8221; angled_section=&#8221;no&#8221; text_align=&#8221;left&#8221; background_image_as_pattern=&#8221;without_pattern&#8221;][vc_column width=&#8221;1\/4&#8243;][vc_separator type=&#8221;transparent&#8221; thickness=&#8221;12&#8243;][\/vc_column][vc_column width=&#8221;1\/4&#8243;][vc_separator type=&#8221;transparent&#8221; thickness=&#8221;12&#8243;]<a  itemprop=\"url\" href=\"https:\/\/www.bisone.eu\/privacy-policy\/\" target=\"_self\"  class=\"qbutton  center default\" style=\"\">Privacy Policy<\/a>[vc_separator type=&#8221;transparent&#8221; thickness=&#8221;12&#8243;][\/vc_column][vc_column width=&#8221;1\/4&#8243;][vc_separator type=&#8221;transparent&#8221; thickness=&#8221;12&#8243;]<a  itemprop=\"url\" href=\"https:\/\/www.bisone.eu\/cookie-policy\/\" target=\"_self\"  class=\"qbutton  center default\" style=\"\">Cookie Policy<\/a>[vc_separator type=&#8221;transparent&#8221; thickness=&#8221;12&#8243;][\/vc_column][vc_column width=&#8221;1\/4&#8243;][vc_separator type=&#8221;transparent&#8221; thickness=&#8221;12&#8243;][\/vc_column][\/vc_row]<\/p>\n","protected":false},"excerpt":{"rendered":"<p>[vc_row css_animation=&#8221;&#8221; row_type=&#8221;row&#8221; use_row_as_full_screen_section=&#8221;no&#8221; type=&#8221;full_width&#8221; angled_section=&#8221;no&#8221; text_align=&#8221;left&#8221; background_image_as_pattern=&#8221;without_pattern&#8221;][vc_column][vc_column_text] INFORMATIVA SUL TRATTAMENTO DEI DATI PERSONALI DEGLI UTENTI WEB AI SENSI DEL REGOLAMENTO (UE) 2016\/679 Nella presente informativa, resa in conformit\u00e0 a quanto previsto dall\u2019art. 13 del Regolamento UE 2017\/679 (GDPR) e dal D.lgs n. 196\/2003 cos\u00ec&#8230;<\/p>\n","protected":false},"author":1,"featured_media":0,"parent":0,"menu_order":0,"comment_status":"closed","ping_status":"closed","template":"","meta":{"footnotes":""},"class_list":["post-440","page","type-page","status-publish","hentry"],"_links":{"self":[{"href":"https:\/\/www.bisone.eu\/en\/wp-json\/wp\/v2\/pages\/440","targetHints":{"allow":["GET"]}}],"collection":[{"href":"https:\/\/www.bisone.eu\/en\/wp-json\/wp\/v2\/pages"}],"about":[{"href":"https:\/\/www.bisone.eu\/en\/wp-json\/wp\/v2\/types\/page"}],"author":[{"embeddable":true,"href":"https:\/\/www.bisone.eu\/en\/wp-json\/wp\/v2\/users\/1"}],"replies":[{"embeddable":true,"href":"https:\/\/www.bisone.eu\/en\/wp-json\/wp\/v2\/comments?post=440"}],"version-history":[{"count":2,"href":"https:\/\/www.bisone.eu\/en\/wp-json\/wp\/v2\/pages\/440\/revisions"}],"predecessor-version":[{"id":442,"href":"https:\/\/www.bisone.eu\/en\/wp-json\/wp\/v2\/pages\/440\/revisions\/442"}],"wp:attachment":[{"href":"https:\/\/www.bisone.eu\/en\/wp-json\/wp\/v2\/media?parent=440"}],"curies":[{"name":"wp","href":"https:\/\/api.w.org\/{rel}","templated":true}]}}